{"id":229,"date":"2022-07-13T10:01:54","date_gmt":"2022-07-13T15:01:54","guid":{"rendered":"https:\/\/cocosmica.net\/?page_id=229"},"modified":"2022-07-17T23:05:11","modified_gmt":"2022-07-18T04:05:11","slug":"construccion-de-pueblo-y-respetar-el-camino","status":"publish","type":"page","link":"https:\/\/cocosmica.net\/index.php\/construccion-de-pueblo-y-respetar-el-camino\/","title":{"rendered":"Construcci\u00f3n de Pueblo y Respetar el Camino"},"content":{"rendered":"<p>[et_pb_section fb_built=&#8221;1&#8243; _builder_version=&#8221;4.6.1&#8243; _module_preset=&#8221;default&#8221; background_image=&#8221;https:\/\/cocosmica.net\/wp-content\/uploads\/2022\/07\/home_v2_04.jpg&#8221; background_size=&#8221;initial&#8221; background_position=&#8221;top_right&#8221; background_repeat=&#8221;repeat-y&#8221; hover_enabled=&#8221;0&#8243; sticky_enabled=&#8221;0&#8243;][et_pb_row _builder_version=&#8221;4.6.1&#8243; _module_preset=&#8221;default&#8221; global_module=&#8221;262&#8243; saved_tabs=&#8221;all&#8221;][et_pb_column type=&#8221;4_4&#8243; _builder_version=&#8221;4.6.1&#8243; _module_preset=&#8221;default&#8221;][et_pb_text _builder_version=&#8221;4.6.1&#8243; _module_preset=&#8221;default&#8221; header_text_color=&#8221;rgba(0,0,0,0)&#8221; header_2_font=&#8221;Bahiana||||||||&#8221; header_2_text_color=&#8221;#edf000&#8243; header_2_font_size=&#8221;35px&#8221; header_2_letter_spacing=&#8221;2px&#8221; background_enable_color=&#8221;off&#8221; use_background_color_gradient=&#8221;on&#8221; background_color_gradient_start=&#8221;rgba(41,196,169,0)&#8221; background_color_gradient_end=&#8221;rgba(94,0,99,0.4)&#8221; background_color_gradient_start_position=&#8221;45%&#8221; background_layout=&#8221;dark&#8221; custom_margin=&#8221;0px||0px||false|false&#8221; custom_padding=&#8221;10px||0px|10px|false|false&#8221; custom_css_before=&#8221;content: url(https:\/\/cocosmica.net\/wp-content\/uploads\/2022\/07\/icon_tit_3.png);||display: block;||position: absolute;||left: -85px;||top: -15px;&#8221; header_text_shadow_style=&#8221;preset1&#8243; header_text_shadow_color=&#8221;rgba(0,0,0,0.2)&#8221; header_2_text_shadow_style=&#8221;preset1&#8243; header_2_text_shadow_vertical_length=&#8221;0.12em&#8221; header_2_text_shadow_blur_strength=&#8221;0.07em&#8221; header_2_text_shadow_color=&#8221;rgba(0,0,0,0.3)&#8221; border_width_bottom=&#8221;1px&#8221; border_color_bottom=&#8221;#edf000&#8243; border_style_bottom=&#8221;dashed&#8221;]<\/p>\n<h2><b>CONSTRUCCI\u00d3N DE PUEBLO Y RESPETAR EL CAMINO<\/b><\/h2>\n<p>[\/et_pb_text][et_pb_text _builder_version=&#8221;4.6.1&#8243; _module_preset=&#8221;default&#8221; header_2_font=&#8221;Bahiana|700|||||||&#8221; header_2_font_size=&#8221;35px&#8221; header_2_letter_spacing=&#8221;2px&#8221; header_3_font=&#8221;Abel|700||on|||||&#8221; header_3_font_size=&#8221;25px&#8221; background_enable_color=&#8221;off&#8221; use_background_color_gradient=&#8221;on&#8221; background_color_gradient_start=&#8221;rgba(94,0,99,0.4)&#8221; background_color_gradient_end=&#8221;rgba(41,196,169,0)&#8221; background_color_gradient_start_position=&#8221;13%&#8221; background_color_gradient_end_position=&#8221;50%&#8221; background_layout=&#8221;dark&#8221; custom_margin=&#8221;0px||0px||false|false&#8221; custom_padding=&#8221;10px||0px|10px|false|false&#8221; header_text_shadow_style=&#8221;preset1&#8243; header_text_shadow_color=&#8221;rgba(0,0,0,0.2)&#8221; header_3_text_shadow_style=&#8221;preset1&#8243; header_3_text_shadow_vertical_length=&#8221;0.07em&#8221; header_3_text_shadow_blur_strength=&#8221;0.12em&#8221; header_3_text_shadow_color=&#8221;rgba(0,0,0,0.2)&#8221; border_color_bottom=&#8221;#edf000&#8243; border_style_bottom=&#8221;dashed&#8221;]<\/p>\n<h3>2007 &#8211; 2009<\/h3>\n<p>[\/et_pb_text][et_pb_slider _builder_version=&#8221;4.6.1&#8243; _module_preset=&#8221;default&#8221; custom_margin=&#8221;||0px||false|false&#8221; custom_padding=&#8221;40%||40%||true|false&#8221;][et_pb_slide admin_title=&#8221;slide 1&#8243; _builder_version=&#8221;4.6.1&#8243; _module_preset=&#8221;default&#8221; background_enable_color=&#8221;off&#8221; background_image=&#8221;https:\/\/cocosmica.net\/wp-content\/uploads\/2022\/07\/01_or_ctpbrpcm_01.jpg&#8221; background_enable_image=&#8221;on&#8221; custom_padding=&#8221;||||false|false&#8221; sticky_transition=&#8221;on&#8221;][\/et_pb_slide][et_pb_slide admin_title=&#8221;slide 2&#8243; _builder_version=&#8221;4.6.1&#8243; _module_preset=&#8221;default&#8221; background_enable_color=&#8221;off&#8221; background_image=&#8221;https:\/\/cocosmica.net\/wp-content\/uploads\/2022\/07\/01_or_ctpbrpcm_02.jpg&#8221; background_enable_image=&#8221;on&#8221; sticky_transition=&#8221;on&#8221;][\/et_pb_slide][et_pb_slide admin_title=&#8221;slide 3&#8243; _builder_version=&#8221;4.6.1&#8243; _module_preset=&#8221;default&#8221; background_enable_color=&#8221;off&#8221; background_image=&#8221;https:\/\/cocosmica.net\/wp-content\/uploads\/2022\/07\/01_or_ctpbrpcm_03.jpg&#8221; background_enable_image=&#8221;on&#8221; sticky_transition=&#8221;on&#8221;][\/et_pb_slide][et_pb_slide admin_title=&#8221;slide 4&#8243; _builder_version=&#8221;4.6.1&#8243; _module_preset=&#8221;default&#8221; background_enable_color=&#8221;off&#8221; background_image=&#8221;https:\/\/cocosmica.net\/wp-content\/uploads\/2022\/07\/01_or_ctpbrpcm_04.jpg&#8221; background_enable_image=&#8221;on&#8221; sticky_transition=&#8221;on&#8221;][\/et_pb_slide][et_pb_slide admin_title=&#8221;slide 5&#8243; _builder_version=&#8221;4.6.1&#8243; _module_preset=&#8221;default&#8221; background_enable_color=&#8221;off&#8221; background_image=&#8221;https:\/\/cocosmica.net\/wp-content\/uploads\/2022\/07\/01_or_ctpbrpcm_05.jpg&#8221; background_enable_image=&#8221;on&#8221; sticky_transition=&#8221;on&#8221;][\/et_pb_slide][\/et_pb_slider][et_pb_text _builder_version=&#8221;4.6.1&#8243; _module_preset=&#8221;default&#8221; text_font=&#8221;Lora||||||||&#8221; text_font_size=&#8221;15px&#8221; background_color=&#8221;rgba(0,0,0,0.85)&#8221; background_layout=&#8221;dark&#8221; custom_margin=&#8221;0px||||false|false&#8221; custom_padding=&#8221;20px|15px|30px|15px|false|true&#8221;]<\/p>\n<p>En este proyecto se sistematizan las concepciones sobre ciudadan\u00eda y educaci\u00f3n de los pueblos Kankuamo y Kogui de la Sierra Nevada de Santa Marta. Se trata de una traducci\u00f3n intercultural que invita a entender la ciudadan\u00eda y la participaci\u00f3n ciudadana como Construcci\u00f3n de pueblo y de Educaci\u00f3n como Hacer el camino, tambi\u00e9n se encuentra un relato sobre el desplazamiento forzado y las diferentes formas de resistencia.<\/p>\n<p>Los aportes te\u00f3ricos se reconstruyen desde la interpretaci\u00f3n de la Ley de Origen; la denuncia del conflicto armado y su propuesta de actuar sin buscar la venganza sino la armon\u00eda, implicando una estrategia de reexistencia, y la organizaci\u00f3n que cre\u00f3 el Pueblo &#8211; OIK, que sirve de pilar para la comunidad. Las conclusiones concretan las reconceptualizaciones, la bondad de combinar la metodolog\u00eda de etnograf\u00eda cr\u00edtica y an\u00e1lisis cr\u00edtico del discurso, as\u00ed como tambi\u00e9n, el componente est\u00e9tico vinculado a lo \u00e9tico y lo pol\u00edtico para repensar el posicionamiento ontol\u00f3gico del hombre actual, particularmente del latinoamericano.<\/p>\n<p>[\/et_pb_text][et_pb_text _builder_version=&#8221;4.6.1&#8243; _module_preset=&#8221;default&#8221; header_text_color=&#8221;rgba(0,0,0,0)&#8221; header_2_font=&#8221;Bahiana||||||||&#8221; header_2_text_color=&#8221;#edf000&#8243; header_2_font_size=&#8221;35px&#8221; header_2_letter_spacing=&#8221;2px&#8221; background_enable_color=&#8221;off&#8221; use_background_color_gradient=&#8221;on&#8221; background_color_gradient_start=&#8221;rgba(41,196,169,0)&#8221; background_color_gradient_end=&#8221;rgba(94,0,99,0.4)&#8221; background_color_gradient_start_position=&#8221;45%&#8221; background_layout=&#8221;dark&#8221; custom_margin=&#8221;0px||0px||false|false&#8221; custom_padding=&#8221;10px||0px|10px|false|false&#8221; custom_css_before=&#8221;content: url(https:\/\/cocosmica.net\/wp-content\/uploads\/2022\/07\/icon_tit_3.png);||display: block;||position: absolute;||left: -85px;||top: -15px;&#8221; header_text_shadow_style=&#8221;preset1&#8243; header_text_shadow_color=&#8221;rgba(0,0,0,0.2)&#8221; header_2_text_shadow_style=&#8221;preset1&#8243; header_2_text_shadow_vertical_length=&#8221;0.12em&#8221; header_2_text_shadow_blur_strength=&#8221;0.07em&#8221; header_2_text_shadow_color=&#8221;rgba(0,0,0,0.3)&#8221; border_width_bottom=&#8221;1px&#8221; border_color_bottom=&#8221;#edf000&#8243; border_style_bottom=&#8221;dashed&#8221;]<\/p>\n<h2><b>PROCESO<\/b><\/h2>\n<p>[\/et_pb_text][\/et_pb_column][\/et_pb_row][et_pb_row use_custom_gutter=&#8221;on&#8221; gutter_width=&#8221;2&#8243; _builder_version=&#8221;4.6.1&#8243; _module_preset=&#8221;default&#8221;][et_pb_column type=&#8221;4_4&#8243; _builder_version=&#8221;4.6.1&#8243; _module_preset=&#8221;default&#8221; custom_padding=&#8221;||||false|false&#8221;][et_pb_gallery gallery_ids=&#8221;239,237,234,240&#8243; _builder_version=&#8221;4.6.1&#8243; _module_preset=&#8221;default&#8221;][\/et_pb_gallery][et_pb_text _builder_version=&#8221;4.6.1&#8243; _module_preset=&#8221;default&#8221; text_font=&#8221;Lato|700|||||||&#8221; text_text_color=&#8221;#edf000&#8243; text_font_size=&#8221;15px&#8221; background_layout=&#8221;dark&#8221; custom_margin=&#8221;||0px||false|false&#8221; custom_padding=&#8221;||0px|40px|false|false&#8221; custom_css_before=&#8221;content: url(https:\/\/cocosmica.net\/wp-content\/uploads\/2022\/07\/icon_web.png);||display: block;||position: absolute;||left:0px;||top: -12%;||||&#8221;]<\/p>\n<p><a href=\"https:\/\/scienti.minciencias.gov.co\/cvlac\/visualizador\/generarCurriculoCv.do?cod_rh=0000829862\">https:\/\/scienti.minciencias.gov.co\/cvlac\/visualizador\/generarCurriculoCv.do?cod_rh=0000829862<\/a><\/p>\n<p>[\/et_pb_text][\/et_pb_column][\/et_pb_row][et_pb_row column_structure=&#8221;2_3,1_3&#8243; use_custom_gutter=&#8221;on&#8221; gutter_width=&#8221;2&#8243; _builder_version=&#8221;4.6.1&#8243; _module_preset=&#8221;default&#8221;][et_pb_column type=&#8221;2_3&#8243; _builder_version=&#8221;4.6.1&#8243; _module_preset=&#8221;default&#8221;][et_pb_text _builder_version=&#8221;4.6.1&#8243; _module_preset=&#8221;default&#8221; text_font=&#8221;Lora||||||||&#8221; text_font_size=&#8221;15px&#8221; header_3_font=&#8221;Abel|700|||||||&#8221; header_3_text_color=&#8221;#edf000&#8243; header_3_font_size=&#8221;25px&#8221; background_color=&#8221;rgba(0,0,0,0.85)&#8221; background_layout=&#8221;dark&#8221; custom_padding=&#8221;20px|15px|15px|15px|false|false&#8221; border_width_bottom=&#8221;1px&#8221; border_color_bottom=&#8221;#edf000&#8243; border_style_bottom=&#8221;dashed&#8221;]<\/p>\n<h3 style=\"text-align: right;\">Catalina Campuzano<\/h3>\n<p>[\/et_pb_text][et_pb_text _builder_version=&#8221;4.6.1&#8243; _module_preset=&#8221;default&#8221; text_font=&#8221;Lora||||||||&#8221; text_font_size=&#8221;15px&#8221; background_color=&#8221;rgba(0,0,0,0.85)&#8221; background_layout=&#8221;dark&#8221; custom_margin=&#8221;||5px||false|false&#8221; custom_padding=&#8221;20px|15px|15px|15px|false|false&#8221; border_color_bottom=&#8221;#edf000&#8243; border_style_bottom=&#8221;dashed&#8221;]<\/p>\n<p style=\"text-align: left;\">Bogot\u00e1, 1984. Profesora e investigadora colombiana. Entre 2001 y 2005 realiz\u00f3 cursos de literatura y periodismo en la Universidad de Los Andes y en la Universidad Estatal de San Petersburgo en Rusia. En 2009 obtuvo su Licenciatura en lengua castellana, ingl\u00e9s y franc\u00e9s de la Universidad de La Salle de Bogot\u00e1 y ese mismo a\u00f1o fue ganadora de la beca Virginia Guti\u00e9rrez de Pineda, otorgada por Colciencias a j\u00f3venes investigadores. Dos a\u00f1os despu\u00e9s obtuvo su maestr\u00eda en educaci\u00f3n en la misma universidad. Ha participado en el Faculty Teaching Excellence Program del Carnegie Mellon de Pittsburgh y ha sido profesora invitada en la Universidad Nacional de Rosario-Argentina, Universidad Nacional de Corrientes-Argentina, Universidad de La Plata-Argentina y Universidad de Valencia-Espa\u00f1a. En 2019 obtuvo su doctorado en Comunicaci\u00f3n de la Universidad Nacional de La Plata con la tesis titulada \u201cVisualidades ancestrales. El giro emocional de la imagen fotogr\u00e1fica de los pueblos Kankuamo y Kogui de La Sierra Nevada de Santa Marta Colombia\u201d. Su trabajo de investigaci\u00f3n se ha desarrollado en gran parte con pueblos originarios de Colombia, participando en proyectos con diferentes universidades nacionales e internacionales, y ha transitado por temas de educaci\u00f3n y comunicaci\u00f3n intercultural, imaginarios pol\u00edticos, creaciones y est\u00e9ticas, comunicaci\u00f3n de lo sagrado y visualidades originarias. Ha sido editora y autora en colectivo de varias publicaciones que han presentado sus hallazgos de investigaci\u00f3n en diferentes escenarios.<\/p>\n<p>[\/et_pb_text][et_pb_text _builder_version=&#8221;4.6.1&#8243; _module_preset=&#8221;default&#8221; text_font=&#8221;Lato|700|||||||&#8221; text_text_color=&#8221;#edf000&#8243; text_font_size=&#8221;15px&#8221; background_layout=&#8221;dark&#8221; custom_margin=&#8221;||0px||false|false&#8221; custom_padding=&#8221;||0px|40px|false|false&#8221; custom_css_before=&#8221;content: url(https:\/\/cocosmica.net\/wp-content\/uploads\/2022\/07\/icon_web.png);||display: block;||position: absolute;||left:0px;||top: -12%;||||&#8221;]<\/p>\n<p><a href=\"http:\/\/scienti.colciencias.gov.co:8081\/cvlac\/visualizador\/generarCurriculoCv.do?cod_rh=0001323253\">http:\/\/scienti.colciencias.gov.co:8081\/cvlac\/visualizador\/generarCurriculoCv.do?cod_rh=0001323253<\/a><\/p>\n<p>[\/et_pb_text][\/et_pb_column][et_pb_column type=&#8221;1_3&#8243; _builder_version=&#8221;4.6.1&#8243; _module_preset=&#8221;default&#8221; custom_padding=&#8221;||||false|false&#8221;][et_pb_image src=&#8221;https:\/\/cocosmica.net\/wp-content\/uploads\/2022\/07\/catalina_perfil_wb.png&#8221; title_text=&#8221;catalina_perfil_wb&#8221; _builder_version=&#8221;4.6.1&#8243; _module_preset=&#8221;default&#8221; border_color_all=&#8221;#f0b800&#8243; border_style_all=&#8221;inset&#8221;][\/et_pb_image][et_pb_text _builder_version=&#8221;4.6.1&#8243; _module_preset=&#8221;default&#8221; text_font=&#8221;Lato|700|||||||&#8221; text_text_color=&#8221;#edf000&#8243; text_font_size=&#8221;17px&#8221; background_layout=&#8221;dark&#8221; custom_padding=&#8221;||20px||false|false&#8221; custom_css_before=&#8221;content: url(https:\/\/cocosmica.net\/wp-content\/uploads\/2022\/07\/icon_mail_2.png);||display: block;||position: absolute;||left:2%;||top: -5%;&#8221; border_width_bottom=&#8221;1px&#8221; border_color_bottom=&#8221;#edf000&#8243; border_style_bottom=&#8221;dashed&#8221;]<\/p>\n<p style=\"text-align: center;\"><a href=\"mailto:ccampuzanno@gmail.com\">ccampuzanno@gmail.com<\/a><\/p>\n<p>[\/et_pb_text][et_pb_text _builder_version=&#8221;4.6.1&#8243; _module_preset=&#8221;default&#8221; text_font=&#8221;Lato|700|||||||&#8221; text_text_color=&#8221;#edf000&#8243; text_font_size=&#8221;17px&#8221; background_layout=&#8221;dark&#8221; custom_css_before=&#8221;content: url(https:\/\/cocosmica.net\/wp-content\/uploads\/2022\/07\/icon_phone.png);||display: block;||position: absolute;||left:-2px;||top: -5px;||||&#8221;]<\/p>\n<p style=\"text-align: center;\">Tel\u00e9fono: (+57) 3002296704<\/p>\n<p>[\/et_pb_text][\/et_pb_column][\/et_pb_row][et_pb_row column_structure=&#8221;1_3,2_3&#8243; use_custom_gutter=&#8221;on&#8221; gutter_width=&#8221;2&#8243; _builder_version=&#8221;4.6.1&#8243; _module_preset=&#8221;default&#8221;][et_pb_column type=&#8221;1_3&#8243; _builder_version=&#8221;4.6.1&#8243; _module_preset=&#8221;default&#8221; custom_padding=&#8221;||||false|false&#8221;][et_pb_image src=&#8221;https:\/\/cocosmica.net\/wp-content\/uploads\/2022\/07\/kanek_perfil_wb.png&#8221; title_text=&#8221;kanek_perfil_wb&#8221; _builder_version=&#8221;4.6.1&#8243; _module_preset=&#8221;default&#8221; border_color_all=&#8221;#f0b800&#8243; border_style_all=&#8221;inset&#8221;][\/et_pb_image][et_pb_text _builder_version=&#8221;4.6.1&#8243; _module_preset=&#8221;default&#8221; text_font=&#8221;Lato|700|||||||&#8221; text_text_color=&#8221;#edf000&#8243; text_font_size=&#8221;17px&#8221; background_layout=&#8221;dark&#8221; custom_padding=&#8221;||20px||false|false&#8221; custom_css_before=&#8221;content: url(https:\/\/cocosmica.net\/wp-content\/uploads\/2022\/07\/icon_mail_2.png);||display: block;||position: absolute;||left:8%;||top: -5%;&#8221; border_width_bottom=&#8221;1px&#8221; border_color_bottom=&#8221;#edf000&#8243; border_style_bottom=&#8221;dashed&#8221;]<\/p>\n<p style=\"text-align: center;\"><a href=\"mailto:mkgv12@gmail.com\"><span style=\"font-weight: 400;\">mkgv12@gmail.com<\/span><\/a><\/p>\n<p>[\/et_pb_text][\/et_pb_column][et_pb_column type=&#8221;2_3&#8243; _builder_version=&#8221;4.6.1&#8243; _module_preset=&#8221;default&#8221;][et_pb_text _builder_version=&#8221;4.6.1&#8243; _module_preset=&#8221;default&#8221; text_font=&#8221;Lora||||||||&#8221; text_font_size=&#8221;15px&#8221; header_3_font=&#8221;Abel|700|||||||&#8221; header_3_text_color=&#8221;#edf000&#8243; header_3_font_size=&#8221;25px&#8221; background_color=&#8221;rgba(0,0,0,0.85)&#8221; background_layout=&#8221;dark&#8221; custom_padding=&#8221;20px|15px|15px|15px|false|false&#8221; border_width_bottom=&#8221;1px&#8221; border_color_bottom=&#8221;#edf000&#8243; border_style_bottom=&#8221;dashed&#8221;]<\/p>\n<h3><b>Mart\u00edn Kanek Guti\u00e9rrez V\u00e1squez (M\u00e9xico, Ciudad de M\u00e9xico, 1987)<\/b><\/h3>\n<p>[\/et_pb_text][et_pb_text _builder_version=&#8221;4.6.1&#8243; _module_preset=&#8221;default&#8221; text_font=&#8221;Lora||||||||&#8221; text_font_size=&#8221;15px&#8221; background_color=&#8221;rgba(0,0,0,0.85)&#8221; background_layout=&#8221;dark&#8221; custom_margin=&#8221;||5px||false|false&#8221; custom_padding=&#8221;20px|15px|15px|15px|false|false&#8221; border_color_bottom=&#8221;#edf000&#8243; border_style_bottom=&#8221;dashed&#8221;]<\/p>\n<p>En el 2014 finaliza sus estudios de posgrado en la Universidad Nacional de Colombia, en la Maestr\u00eda de Artes Pl\u00e1sticas y Visuales. En el 2010 se gradu\u00f3 de Licenciatura de Artes Visuales en la Escuela Superior de Artes de Yucat\u00e1n. Ha realizado cuatro exposiciones individuales, entre la que destaca: III: Caminos y recorridos en la galer\u00eda Frontground \/ Manolo Rivero Manolo Rivero (2011, M\u00e9rida, Yuc.). Entre sus exposiciones colectivas destacan: La Noche en Blanco (2014, Bogot\u00e1, Colombia), Yuc. M\u00e9xico), Paisajes Reversos en la galer\u00eda Frontground \/ Manolo Rivero Manolo Rivero (2011, M\u00e9rida, Yuc. M\u00e9xico), XIII Muestra Internacional de Videoperformance \u201cAccidentes Controlados\u201d, Ex Teresa Arte Actual (2008, Cd. de M\u00e9xico). Ha participado como investigador en el macroproyecto Complejidades hist\u00f3ricas de la comunicaci\u00f3n y el dise\u00f1o en Colombia (CUN, Colombia, 2016-2018), actualmente participa como co-investigador en el proyecto Nomadismos: una investigaci\u00f3n po\u00e9tica sobre las transformaciones territoriales de Bogot\u00e1 desde la cotidianidad apoyado por la UPN y en el proyecto \u201cCOMUNICACI\u00d3N C\u00d3SMICA, SABERES ANCESTRALES Y EXPERIENCIAS SAGRADAS\u201d con el colectivo Lo sagrado y lo po\u00e9tico.<\/p>\n<p>[\/et_pb_text][et_pb_text _builder_version=&#8221;4.6.1&#8243; _module_preset=&#8221;default&#8221; text_font=&#8221;Lato|700|||||||&#8221; text_text_color=&#8221;#edf000&#8243; text_font_size=&#8221;15px&#8221; background_layout=&#8221;dark&#8221; custom_margin=&#8221;||0px||false|false&#8221; custom_padding=&#8221;||0px|40px|false|false&#8221; custom_css_before=&#8221;content: url(https:\/\/cocosmica.net\/wp-content\/uploads\/2022\/07\/icon_web.png);||display: block;||position: absolute;||left:0px;||top: -12%;||||&#8221;]<\/p>\n<p><a href=\"https:\/\/scienti.minciencias.gov.co\/cvlac\/visualizador\/generarCurriculoCv.do?cod_rh=0000041922\">https:\/\/scienti.minciencias.gov.co\/cvlac\/visualizador\/generarCurriculoCv.do?cod_rh=0000041922<\/a><\/p>\n<p>[\/et_pb_text][\/et_pb_column][\/et_pb_row][et_pb_row column_structure=&#8221;2_3,1_3&#8243; use_custom_gutter=&#8221;on&#8221; gutter_width=&#8221;2&#8243; _builder_version=&#8221;4.6.1&#8243; _module_preset=&#8221;default&#8221;][et_pb_column type=&#8221;2_3&#8243; _builder_version=&#8221;4.6.1&#8243; _module_preset=&#8221;default&#8221;][et_pb_text _builder_version=&#8221;4.6.1&#8243; _module_preset=&#8221;default&#8221; text_font=&#8221;Lora||||||||&#8221; text_font_size=&#8221;15px&#8221; header_3_font=&#8221;Abel|700|||||||&#8221; header_3_text_color=&#8221;#edf000&#8243; header_3_font_size=&#8221;25px&#8221; background_color=&#8221;rgba(0,0,0,0.85)&#8221; background_layout=&#8221;dark&#8221; custom_padding=&#8221;20px|15px|15px|15px|false|false&#8221; border_width_bottom=&#8221;1px&#8221; border_color_bottom=&#8221;#edf000&#8243; border_style_bottom=&#8221;dashed&#8221;]<\/p>\n<h3 style=\"text-align: right;\">Emilse Arias Arias \u2013 Pueblo Kankuamo<\/h3>\n<p>[\/et_pb_text][et_pb_text _builder_version=&#8221;4.6.1&#8243; _module_preset=&#8221;default&#8221; text_font=&#8221;Lora||||||||&#8221; text_font_size=&#8221;15px&#8221; background_color=&#8221;rgba(0,0,0,0.85)&#8221; background_layout=&#8221;dark&#8221; custom_margin=&#8221;||5px||false|false&#8221; custom_padding=&#8221;20px|15px|15px|15px|false|false&#8221; border_color_bottom=&#8221;#edf000&#8243; border_style_bottom=&#8221;dashed&#8221;]<\/p>\n<p>Nacida en Chemeskemena, lo que s\u00e9 lo hered\u00e9 de mis padres, por conocimiento de ellos. Estudi\u00e9 en Bogot\u00e1 Tecnolog\u00eda en gesti\u00f3n ambiental y servicios p\u00fablicos en la Universidad Distrital. Tengo dos hijos muy lindos, a los cuales me he dedicado desde su nacimiento.\u00a0<\/p>\n<p>Est\u00e1 casada con\u00a0 Carlos, un moreno de Curuman\u00ed, Cesar. Sus hijos, Joaqu\u00edn y Juli\u00e1n, han acompa\u00f1ado al equipo en diversas ocasiones. Emilse lleg\u00f3 a Bogot\u00e1 hace m\u00e1s de 15 a\u00f1os, con la convicci\u00f3n de estudiar ingenier\u00eda forestal. Fue\u00a0 criada por una saga, que defend\u00eda la reivindicaci\u00f3n del pueblo Kankuamo y que\u00a0 por su fortaleza, liderazgo y conocimiento tradicional era fundamental en la\u00a0 lucha por el reconocimiento. La herencia que le dej\u00f3 la Vieja Dolores es\u00a0 evidente en Emilse, cuando se le oye hablar con una voz t\u00edmida, pero concreta\u00a0 y limpia. Su padre, V\u00edctor Arias, es un conocido sabio, as\u00ed que la tradici\u00f3n familiar ha hecho que ella, como mujer nativa, est\u00e9 en el camino de regreso a\u00a0 su cultura. A Emilse la conocimos por Sandra Montero, quien en su af\u00e1n de\u00a0 trabajar por las mujeres, estaba ideando la posibilidad de formar un grupo con\u00a0 ella. Emilse, a ra\u00edz de la muerte de la Vieja Dolores, tuvo que limitarse a concluir el ciclo tecnol\u00f3gico en gesti\u00f3n ambiental en la Universidad Distrital y trabaj\u00f3 con el IDRD, en la administraci\u00f3n de parques distritales, en\u00a0 el Parque Nacional de Bogot\u00e1. Gracias a Emilse se realiz\u00f3 el primer recorrido por el territorio Kankuamo en 2008, pues siempre su casa ha sido nuestra casa en la Sierra y los otros recorridos siempre est\u00e1 presente.<\/p>\n<p>[\/et_pb_text][\/et_pb_column][et_pb_column type=&#8221;1_3&#8243; _builder_version=&#8221;4.6.1&#8243; _module_preset=&#8221;default&#8221; custom_padding=&#8221;||||false|false&#8221;][et_pb_image src=&#8221;https:\/\/cocosmica.net\/wp-content\/uploads\/2022\/07\/emilse_perfil_wb.png&#8221; title_text=&#8221;emilse_perfil_wb&#8221; _builder_version=&#8221;4.6.1&#8243; _module_preset=&#8221;default&#8221; border_color_all=&#8221;#f0b800&#8243; border_style_all=&#8221;inset&#8221;][\/et_pb_image][\/et_pb_column][\/et_pb_row][et_pb_row column_structure=&#8221;1_3,2_3&#8243; use_custom_gutter=&#8221;on&#8221; gutter_width=&#8221;2&#8243; _builder_version=&#8221;4.6.1&#8243; _module_preset=&#8221;default&#8221;][et_pb_column type=&#8221;1_3&#8243; _builder_version=&#8221;4.6.1&#8243; _module_preset=&#8221;default&#8221; custom_padding=&#8221;||||false|false&#8221;][et_pb_image src=&#8221;https:\/\/cocosmica.net\/wp-content\/uploads\/2022\/07\/victor_perfil_wb.png&#8221; title_text=&#8221;victor_perfil_wb&#8221; _builder_version=&#8221;4.6.1&#8243; _module_preset=&#8221;default&#8221; border_color_all=&#8221;#f0b800&#8243; border_style_all=&#8221;inset&#8221;][\/et_pb_image][\/et_pb_column][et_pb_column type=&#8221;2_3&#8243; _builder_version=&#8221;4.6.1&#8243; _module_preset=&#8221;default&#8221;][et_pb_text _builder_version=&#8221;4.6.1&#8243; _module_preset=&#8221;default&#8221; text_font=&#8221;Lora||||||||&#8221; text_font_size=&#8221;15px&#8221; header_3_font=&#8221;Abel|700|||||||&#8221; header_3_text_color=&#8221;#edf000&#8243; header_3_font_size=&#8221;25px&#8221; background_color=&#8221;rgba(0,0,0,0.85)&#8221; background_layout=&#8221;dark&#8221; custom_padding=&#8221;20px|15px|15px|15px|false|false&#8221; border_width_bottom=&#8221;1px&#8221; border_color_bottom=&#8221;#edf000&#8243; border_style_bottom=&#8221;dashed&#8221;]<\/p>\n<h3>V\u00edctor Segundo Arias Arias, Pueblo Kankuamo<\/h3>\n<p>[\/et_pb_text][et_pb_text _builder_version=&#8221;4.6.1&#8243; _module_preset=&#8221;default&#8221; text_font=&#8221;Lora||||||||&#8221; text_font_size=&#8221;15px&#8221; background_color=&#8221;rgba(0,0,0,0.85)&#8221; background_layout=&#8221;dark&#8221; custom_margin=&#8221;||5px||false|false&#8221; custom_padding=&#8221;20px|15px|15px|15px|false|false&#8221; border_color_bottom=&#8221;#edf000&#8243; border_style_bottom=&#8221;dashed&#8221;]<\/p>\n<p>Originario de la sierra Nevada de Santa Marta \u201cCoraz\u00f3n del mundo\u201d. Sembrado por dos kankuamo: Laura Rosa Arias y V\u00edctor Marcelino Arias Talco a principios de diciembre del a\u00f1o 1970, en una de las madrugadas fr\u00edas de este mes bullicioso y de estrellas muchas. Nueve meses en la barriga de mi madre que, caminando por senderos agrestes de Chemesquemena territorio kankuamo, cuenca media del r\u00edo Guatapur\u00ed, vertiente suroriental de este macizo monta\u00f1oso, la monta\u00f1a m\u00e1s alta en el mundo a la orilla del mar. Un domingo 22 de agosto de 1971 fue el d\u00eda de mi nacimiento, mi primer amanecer. Fui el \u00faltimo hijo de mi madre; ella me pari\u00f3 estando ya en la etapa de su menopausia. Dicen nac\u00ed bien peque\u00f1ito. Crec\u00ed entre la finca y Chemesquemena una de las 12 comunidades kankuamas donde seg\u00fan la tradici\u00f3n, se bautiza la semilla. All\u00ed en el patio de mi casa al pie de un \u00e1rbol fue enterrada mi placenta, acto muy significativo para la permanencia en el territorio. Licenciado en Etnoeducaci\u00f3n y proyectos sociales de la UNIGUAJIRA y Maestro en pedagog\u00eda en la UNIMARIANA.<\/p>\n<p>[\/et_pb_text][\/et_pb_column][\/et_pb_row][\/et_pb_section]<\/p>\n","protected":false},"excerpt":{"rendered":"<p>[et_pb_section fb_built=&#8221;1&#8243; _builder_version=&#8221;4.6.1&#8243; _module_preset=&#8221;default&#8221; background_image=&#8221;https:\/\/cocosmica.net\/wp-content\/uploads\/2022\/07\/home_v2_04.jpg&#8221; background_size=&#8221;initial&#8221; background_position=&#8221;top_right&#8221; background_repeat=&#8221;repeat-y&#8221; hover_enabled=&#8221;0&#8243; sticky_enabled=&#8221;0&#8243;][et_pb_row _builder_version=&#8221;4.6.1&#8243; _module_preset=&#8221;default&#8221; global_module=&#8221;262&#8243; saved_tabs=&#8221;all&#8221;][et_pb_column type=&#8221;4_4&#8243; _builder_version=&#8221;4.6.1&#8243; _module_preset=&#8221;default&#8221;][et_pb_text _builder_version=&#8221;4.6.1&#8243; _module_preset=&#8221;default&#8221; header_text_color=&#8221;rgba(0,0,0,0)&#8221; header_2_font=&#8221;Bahiana||||||||&#8221; header_2_text_color=&#8221;#edf000&#8243; header_2_font_size=&#8221;35px&#8221; header_2_letter_spacing=&#8221;2px&#8221; background_enable_color=&#8221;off&#8221; use_background_color_gradient=&#8221;on&#8221; background_color_gradient_start=&#8221;rgba(41,196,169,0)&#8221; background_color_gradient_end=&#8221;rgba(94,0,99,0.4)&#8221; background_color_gradient_start_position=&#8221;45%&#8221; background_layout=&#8221;dark&#8221; custom_margin=&#8221;0px||0px||false|false&#8221; custom_padding=&#8221;10px||0px|10px|false|false&#8221; custom_css_before=&#8221;content: url(https:\/\/cocosmica.net\/wp-content\/uploads\/2022\/07\/icon_tit_3.png);||display: block;||position: absolute;||left: -85px;||top: -15px;&#8221; header_text_shadow_style=&#8221;preset1&#8243; header_text_shadow_color=&#8221;rgba(0,0,0,0.2)&#8221; header_2_text_shadow_style=&#8221;preset1&#8243; header_2_text_shadow_vertical_length=&#8221;0.12em&#8221; header_2_text_shadow_blur_strength=&#8221;0.07em&#8221; header_2_text_shadow_color=&#8221;rgba(0,0,0,0.3)&#8221; border_width_bottom=&#8221;1px&#8221; border_color_bottom=&#8221;#edf000&#8243; border_style_bottom=&#8221;dashed&#8221;] CONSTRUCCI\u00d3N DE PUEBLO Y RESPETAR EL CAMINO [\/et_pb_text][et_pb_text [&hellip;]<\/p>\n","protected":false},"author":1,"featured_media":0,"parent":0,"menu_order":0,"comment_status":"closed","ping_status":"closed","template":"","meta":{"_et_pb_use_builder":"on","_et_pb_old_content":"","_et_gb_content_width":"","footnotes":""},"class_list":["post-229","page","type-page","status-publish","hentry"],"_links":{"self":[{"href":"https:\/\/cocosmica.net\/index.php\/wp-json\/wp\/v2\/pages\/229","targetHints":{"allow":["GET"]}}],"collection":[{"href":"https:\/\/cocosmica.net\/index.php\/wp-json\/wp\/v2\/pages"}],"about":[{"href":"https:\/\/cocosmica.net\/index.php\/wp-json\/wp\/v2\/types\/page"}],"author":[{"embeddable":true,"href":"https:\/\/cocosmica.net\/index.php\/wp-json\/wp\/v2\/users\/1"}],"replies":[{"embeddable":true,"href":"https:\/\/cocosmica.net\/index.php\/wp-json\/wp\/v2\/comments?post=229"}],"version-history":[{"count":9,"href":"https:\/\/cocosmica.net\/index.php\/wp-json\/wp\/v2\/pages\/229\/revisions"}],"predecessor-version":[{"id":264,"href":"https:\/\/cocosmica.net\/index.php\/wp-json\/wp\/v2\/pages\/229\/revisions\/264"}],"wp:attachment":[{"href":"https:\/\/cocosmica.net\/index.php\/wp-json\/wp\/v2\/media?parent=229"}],"curies":[{"name":"wp","href":"https:\/\/api.w.org\/{rel}","templated":true}]}}